{"id":7671,"date":"2022-05-09T13:18:41","date_gmt":"2022-05-09T18:18:41","guid":{"rendered":"https:\/\/genero.congresocdmx.gob.mx\/?page_id=7671"},"modified":"2022-12-02T17:48:12","modified_gmt":"2022-12-02T23:48:12","slug":"historico","status":"publish","type":"page","link":"https:\/\/genero.congresocdmx.gob.mx\/index.php\/historico\/","title":{"rendered":"Hist\u00f3rico"},"content":{"rendered":"\n<p><strong>#CELIG al d\u00eda<\/strong><\/p>\n\n\n\n<p><strong>2 de diciembre de 2022<\/strong><\/p>\n\n\n\n<p>Este d\u00eda se realiz\u00f3 el Protocolo de firma de los manuales administrativos del Centro de Estudios Legislativos para la Igualdad de G\u00e9nero (CELIG) y la Contralor\u00eda interna, ambos del Congreso de la Ciudad de M\u00e9xico.<\/p>\n\n\n\n<p>Una vez efectuado este Protocolo, los manuales de Organizaci\u00f3n y el de Pol\u00edticas y Procedimientos del CELIG <strong>ser\u00e1n remitidos al Comit\u00e9 de Administraci\u00f3n y Capacitaci\u00f3n del Congreso para su aprobaci\u00f3n. <\/strong>Lo anterior conforme al acuerdo CCMX\/IIL\/CAC\/010\/2022 de dicho Comit\u00e9, en el que se establece el proceso de actualizaci\u00f3n y adecuaci\u00f3n de los manuales administrativos del Congreso de la Ciudad de M\u00e9xico, II Legislatura. Los manuales referidos tienen el objetivo de establecer de manera institucional la funcionalidad del Centro, su organizaci\u00f3n y coordinaci\u00f3n interna, as\u00ed como de ordenar los procedimientos internos de trabajo para que el personal incorporado al CELIG realice sus funciones y de esa manera, se cumpla con las atribuciones del Centro establecidas en la Ley Org\u00e1nica y Reglamento del Congreso.<\/p>\n\n\n\n<div class=\"wp-block-columns is-layout-flex wp-container-core-columns-is-layout-9d6595d7 wp-block-columns-is-layout-flex\">\n<div class=\"wp-block-column is-layout-flow wp-block-column-is-layout-flow\">\n<figure class=\"wp-block-image size-full\"><img loading=\"lazy\" decoding=\"async\" width=\"1024\" height=\"768\" src=\"https:\/\/genero.congresocdmx.gob.mx\/wp-content\/uploads\/2022\/12\/WhatsApp-Image-2022-12-02-at-1.19.11-PM.jpeg\" alt=\"\" class=\"wp-image-8026\" srcset=\"https:\/\/genero.congresocdmx.gob.mx\/wp-content\/uploads\/2022\/12\/WhatsApp-Image-2022-12-02-at-1.19.11-PM.jpeg 1024w, https:\/\/genero.congresocdmx.gob.mx\/wp-content\/uploads\/2022\/12\/WhatsApp-Image-2022-12-02-at-1.19.11-PM-300x225.jpeg 300w, https:\/\/genero.congresocdmx.gob.mx\/wp-content\/uploads\/2022\/12\/WhatsApp-Image-2022-12-02-at-1.19.11-PM-768x576.jpeg 768w\" sizes=\"auto, (max-width: 1024px) 100vw, 1024px\" \/><figcaption>Reuni\u00f3n del 2 de diciembre del 2022 para firma de versiones finales de Manuales<\/figcaption><\/figure>\n<\/div>\n\n\n\n<div class=\"wp-block-column is-layout-flow wp-block-column-is-layout-flow\">\n<figure class=\"wp-block-image size-full\"><img loading=\"lazy\" decoding=\"async\" width=\"1024\" height=\"768\" src=\"https:\/\/genero.congresocdmx.gob.mx\/wp-content\/uploads\/2022\/12\/WhatsApp-Image-2022-12-02-at-1.19.11-PM-1.jpeg\" alt=\"\" class=\"wp-image-8025\" srcset=\"https:\/\/genero.congresocdmx.gob.mx\/wp-content\/uploads\/2022\/12\/WhatsApp-Image-2022-12-02-at-1.19.11-PM-1.jpeg 1024w, https:\/\/genero.congresocdmx.gob.mx\/wp-content\/uploads\/2022\/12\/WhatsApp-Image-2022-12-02-at-1.19.11-PM-1-300x225.jpeg 300w, https:\/\/genero.congresocdmx.gob.mx\/wp-content\/uploads\/2022\/12\/WhatsApp-Image-2022-12-02-at-1.19.11-PM-1-768x576.jpeg 768w\" sizes=\"auto, (max-width: 1024px) 100vw, 1024px\" \/><figcaption>Reuni\u00f3n para firma de versiones finales de Manuales de areas tecnico-administrativas <\/figcaption><\/figure>\n<\/div>\n\n\n\n<div class=\"wp-block-column is-layout-flow wp-block-column-is-layout-flow\">\n<figure class=\"wp-block-image size-full\"><img loading=\"lazy\" decoding=\"async\" width=\"1024\" height=\"768\" src=\"https:\/\/genero.congresocdmx.gob.mx\/wp-content\/uploads\/2022\/12\/WhatsApp-Image-2022-12-02-at-1.19.10-PM.jpeg\" alt=\"\" class=\"wp-image-8027\" srcset=\"https:\/\/genero.congresocdmx.gob.mx\/wp-content\/uploads\/2022\/12\/WhatsApp-Image-2022-12-02-at-1.19.10-PM.jpeg 1024w, https:\/\/genero.congresocdmx.gob.mx\/wp-content\/uploads\/2022\/12\/WhatsApp-Image-2022-12-02-at-1.19.10-PM-300x225.jpeg 300w, https:\/\/genero.congresocdmx.gob.mx\/wp-content\/uploads\/2022\/12\/WhatsApp-Image-2022-12-02-at-1.19.10-PM-768x576.jpeg 768w\" sizes=\"auto, (max-width: 1024px) 100vw, 1024px\" \/><figcaption>Lic. Martha Ju\u00e1rez P\u00e9rez en la firma de versiones finales de Manuales del CELIG<\/figcaption><\/figure>\n<\/div>\n<\/div>\n\n\n\n<hr class=\"wp-block-separator\"\/>\n\n\n\n<p class=\"has-text-align-center\"><strong>Viernes 8 de abril del 2022<\/strong><\/p>\n\n\n\n<p><strong>Vinculan a proceso 75 agresores de mujeres en la CDMX<\/strong>\\El Sol de M\u00e9xico<\/p>\n\n\n\n<p><a href=\"https:\/\/www.elsoldemexico.com.mx\/metropoli\/cdmx\/vinculan-a-proceso-75-agresores-de-mujeres-en-la-cdmx-8109736.html\">https:\/\/www.elsoldemexico.com.mx\/metropoli\/cdmx\/vinculan-a-proceso-75-agresores-de-mujeres-en-la-cdmx-8109736.html<\/a><\/p>\n\n\n\n<p><strong>Avala Congreso de Jalisco las uniones del mismo sexo<\/strong>\\24 Horas<\/p>\n\n\n\n<p><a href=\"https:\/\/www.24-horas.mx\/2022\/04\/08\/avala-congreso-de-jalisco-las-uniones-del-mismo-sexo\/\">https:\/\/www.24-horas.mx\/2022\/04\/08\/avala-congreso-de-jalisco-las-uniones-del-mismo-sexo\/<\/a><\/p>\n\n\n\n<p><strong>Feministas protestan frente a la FGR en CDMX para exigir justicia por represi\u00f3n de mujeres en Chimalhuac\u00e1n<\/strong>\\LatinUS<\/p>\n\n\n\n<p><a href=\"https:\/\/latinus.us\/2022\/04\/07\/colectivas-feministas-protestan-frente-fgr-exigir-justicia-represion-mujeres-chimalhuacan\/\">https:\/\/latinus.us\/2022\/04\/07\/colectivas-feministas-protestan-frente-fgr-exigir-justicia-represion-mujeres-chimalhuacan\/<\/a><\/p>\n\n\n\n<p><strong>Capacitaci\u00f3n a mujeres en Alcald\u00eda Venustiano Carranza<\/strong>\\Luces del Siglo<\/p>\n\n\n\n<p><a href=\"https:\/\/lucesdelsiglo.com\/2022\/04\/07\/capacitacion-a-mujeres-en-alcaldia-venustiano-carranza-cdmx\/\">https:\/\/lucesdelsiglo.com\/2022\/04\/07\/capacitacion-a-mujeres-en-alcaldia-venustiano-carranza-cdmx\/<\/a><\/p>\n\n\n\n<p><strong>Violencia y acoso; dos graves problemas que enfrentan las mujeres<\/strong>\\Diario Basta<\/p>\n\n\n\n<p><a href=\"https:\/\/diariobasta.com\/2022\/04\/07\/violencia-y-acoso-dos-graves-problemas-que-enfrentan-las-mujeres\/\">https:\/\/diariobasta.com\/2022\/04\/07\/violencia-y-acoso-dos-graves-problemas-que-enfrentan-las-mujeres\/<\/a><\/p>\n\n\n\n<hr class=\"wp-block-separator\"\/>\n\n\n\n<p class=\"has-text-align-center\">M<strong>i\u00e9rcoles 6 de abril del 2022.<\/strong><\/p>\n\n\n\n<p><strong>OCNF hace un llamado a la gobernadora de Tlaxcala a reconocer la violencia contra las mujeres<\/strong>\\Somos el Medio<\/p>\n\n\n\n<p><a href=\"https:\/\/www.somoselmedio.com\/2022\/04\/06\/ocnf-hace-un-llamado-a-la-gobernadora-de-tlaxcala-a-reconocer-la-violencia-contra-las-mujeres\/\">https:\/\/www.somoselmedio.com\/2022\/04\/06\/ocnf-hace-un-llamado-a-la-gobernadora-de-tlaxcala-a-reconocer-la-violencia-contra-las-mujeres\/<\/a><\/p>\n\n\n\n<hr class=\"wp-block-separator\"\/>\n\n\n\n<p class=\"has-text-align-center\"><strong>Martes 5 de abril del 2022<\/strong><\/p>\n\n\n\n<p><strong>Senadora de MC busca prohibir impuestos sexistas<\/strong>\\Capital M\u00e9xico<\/p>\n\n\n\n<p><a href=\"https:\/\/www.capitalmexico.com.mx\/cdmx\/senadora-de-mc-busca-prohibir-impuestos-sexistas\/\">https:\/\/www.capitalmexico.com.mx\/cdmx\/senadora-de-mc-busca-prohibir-impuestos-sexistas\/<\/a><\/p>\n\n\n\n<p><strong>Prevalecen feminicidios en M\u00e9xico: al menos 10 mujeres asesinadas al d\u00eda<\/strong>\\La Jornada<\/p>\n\n\n\n<p><a href=\"https:\/\/www.jornada.com.mx\/notas\/2022\/04\/04\/sociedad\/prevalecen-feminicidios-en-mexico-al-menos-10-mujeres-asesinadas-al-dia\/\">https:\/\/www.jornada.com.mx\/notas\/2022\/04\/04\/sociedad\/prevalecen-feminicidios-en-mexico-al-menos-10-mujeres-asesinadas-al-dia\/<\/a><\/p>\n\n\n\n<p><strong>Evidente la participaci\u00f3n de las mujeres en el sector el\u00e9ctrico v\u00eda las redes sociales en M\u00e9xico<\/strong>\\PV Magazine<\/p>\n\n\n\n<p><a href=\"https:\/\/www.pv-magazine-mexico.com\/2022\/04\/04\/evidente-la-participacion-de-las-mujeres-en-el-sector-electrico-via-las-redes-sociales-en-mexico\/\">https:\/\/www.pv-magazine-mexico.com\/2022\/04\/04\/evidente-la-participacion-de-las-mujeres-en-el-sector-electrico-via-las-redes-sociales-en-mexico\/<\/a><\/p>\n\n\n\n<p><strong>Falla Estado mexicano a mujeres en reclusi\u00f3n<\/strong>\\SEM M\u00e9xico<\/p>\n\n\n\n<p><a href=\"https:\/\/www.semmexico.mx\/falla-estado-mexicano-a-mujeres-en-reclusion\/\">https:\/\/www.semmexico.mx\/falla-estado-mexicano-a-mujeres-en-reclusion\/<\/a><\/p>\n\n\n\n<p><strong>Fiscal\u00eda de CDMX activ\u00f3 protocolo de feminicidio por el hallazgo del cad\u00e1ver de una mujer en un hotel del centro<\/strong>\\Infobae<\/p>\n\n\n\n<p><a href=\"https:\/\/www.infobae.com\/america\/mexico\/2022\/04\/04\/fiscalia-de-cdmx-activo-protocolo-de-feminicidio-por-el-hallazgo-del-cadaver-de-una-mujer-en-un-hotel-del-centro\/\">https:\/\/www.infobae.com\/america\/mexico\/2022\/04\/04\/fiscalia-de-cdmx-activo-protocolo-de-feminicidio-por-el-hallazgo-del-cadaver-de-una-mujer-en-un-hotel-del-centro\/<\/a><\/p>\n\n\n\n<p><strong>Feminicidio de Rebeca Rojas: joven fue desaparecida y asesinada en Pueblo San Juan de Arag\u00f3n<\/strong>\\SDP Noticias<\/p>\n\n\n\n<p><a href=\"https:\/\/www.sdpnoticias.com\/estados\/cdmx\/feminicidio-de-rebeca-rojas-joven-fue-desaparecida-y-asesinada-en-pueblo-san-juan-de-aragon\/\">https:\/\/www.sdpnoticias.com\/estados\/cdmx\/feminicidio-de-rebeca-rojas-joven-fue-desaparecida-y-asesinada-en-pueblo-san-juan-de-aragon\/<\/a><\/p>\n\n\n\n<hr class=\"wp-block-separator\"\/>\n\n\n\n<p class=\"has-text-align-center\"><strong>Lunes 4 de abril de 2022<\/strong><\/p>\n\n\n\n<p><strong>Sin avance en la legislaci\u00f3n de transfeminicidios en CDMX<\/strong>\\La Lista<\/p>\n\n\n\n<figure class=\"wp-block-embed is-type-wp-embed is-provider-la-lista wp-block-embed-la-lista\"><div class=\"wp-block-embed__wrapper\">\n<blockquote class=\"wp-embedded-content\" data-secret=\"BetwgkdNdp\"><a href=\"https:\/\/la-lista.com\/genero\/2022\/04\/04\/sin-avance-en-la-legislacion-de-transfeminicidios-en-cdmx\">Sin avance en la legislaci\u00f3n de transfeminicidios en CDMX<\/a><\/blockquote><iframe loading=\"lazy\" class=\"wp-embedded-content\" sandbox=\"allow-scripts\" security=\"restricted\" style=\"position: absolute; clip: rect(1px, 1px, 1px, 1px);\" title=\"&#8220;Sin avance en la legislaci\u00f3n de transfeminicidios en CDMX&#8221; &#8212; La Lista\" src=\"https:\/\/la-lista.com\/genero\/2022\/04\/04\/sin-avance-en-la-legislacion-de-transfeminicidios-en-cdmx\/embed#?secret=Fnlgz13ugG#?secret=BetwgkdNdp\" data-secret=\"BetwgkdNdp\" width=\"600\" height=\"338\" frameborder=\"0\" marginwidth=\"0\" marginheight=\"0\" scrolling=\"no\"><\/iframe>\n<\/div><\/figure>\n\n\n\n<p><strong>Paola Schietekat gana caso en Qatar y libra condena: SRE<\/strong>\\Vanguardia Veracruz<\/p>\n\n\n\n<figure class=\"wp-block-embed is-type-wp-embed is-provider-vanguardia-de-veracruz wp-block-embed-vanguardia-de-veracruz\"><div class=\"wp-block-embed__wrapper\">\n<blockquote class=\"wp-embedded-content\" data-secret=\"kimpnsDgUi\"><a href=\"https:\/\/vanguardiaveracruz.com\/paola-schietekat-gana-caso-en-qatar-y-libra-condena-sre\/\">Paola Schietekat gana caso en Qatar y libra condena: SRE<\/a><\/blockquote><iframe loading=\"lazy\" class=\"wp-embedded-content\" sandbox=\"allow-scripts\" security=\"restricted\" style=\"position: absolute; clip: rect(1px, 1px, 1px, 1px);\" title=\"&#8220;Paola Schietekat gana caso en Qatar y libra condena: SRE&#8221; &#8212; Vanguardia de Veracruz\" src=\"https:\/\/vanguardiaveracruz.com\/paola-schietekat-gana-caso-en-qatar-y-libra-condena-sre\/embed\/#?secret=JSZngLQPbR#?secret=kimpnsDgUi\" data-secret=\"kimpnsDgUi\" width=\"600\" height=\"338\" frameborder=\"0\" marginwidth=\"0\" marginheight=\"0\" scrolling=\"no\"><\/iframe>\n<\/div><\/figure>\n\n\n\n<p><strong>Proponen que matrimonio forzado por costumbres se considere violencia familiar o en la comunidad<\/strong>\\Al Momento<\/p>\n\n\n\n<figure class=\"wp-block-embed is-type-wp-embed is-provider-almomento-noticias-informacion-nacional-e-internacional wp-block-embed-almomento-noticias-informacion-nacional-e-internacional\"><div class=\"wp-block-embed__wrapper\">\n<blockquote class=\"wp-embedded-content\" data-secret=\"WCzhvneUmQ\"><a href=\"https:\/\/almomento.mx\/proponen-que-matrimonio-forzado-por-costumbres-se-considere-violencia-familiar-o-en-la-comunidad\/\">Proponen que matrimonio forzado por costumbres se considere violencia familiar o en la comunidad<\/a><\/blockquote><iframe loading=\"lazy\" class=\"wp-embedded-content\" sandbox=\"allow-scripts\" security=\"restricted\" style=\"position: absolute; clip: rect(1px, 1px, 1px, 1px);\" title=\"&#8220;Proponen que matrimonio forzado por costumbres se considere violencia familiar o en la comunidad&#8221; &#8212; Almomento | Noticias, informaci\u00f3n nacional e internacional\" src=\"https:\/\/almomento.mx\/proponen-que-matrimonio-forzado-por-costumbres-se-considere-violencia-familiar-o-en-la-comunidad\/embed\/#?secret=yciEc3ENPU#?secret=WCzhvneUmQ\" data-secret=\"WCzhvneUmQ\" width=\"600\" height=\"338\" frameborder=\"0\" marginwidth=\"0\" marginheight=\"0\" scrolling=\"no\"><\/iframe>\n<\/div><\/figure>\n\n\n\n<p><strong>Proponen planes de estudio para concientizar sobre los efectos de la violencia en ni\u00f1as, adolescentes y mujeres<\/strong>\\Mi Punto de Vista<\/p>\n\n\n\n<figure class=\"wp-block-embed is-type-wp-embed is-provider-mpv-opinion-ciudadanos-pri-pan-prd wp-block-embed-mpv-opinion-ciudadanos-pri-pan-prd\"><div class=\"wp-block-embed__wrapper\">\n<blockquote class=\"wp-embedded-content\" data-secret=\"cPnAz8X3Nu\"><a href=\"https:\/\/www.mipuntodevista.com.mx\/proponen-planes-de-estudio-para-concientizar-sobre-los-efectos-de-la-violencia-en-ninas-adolescentes-y-mujeres\/\">Proponen planes de estudio para concientizar sobre los efectos de la violencia en ni\u00f1as, adolescentes y mujeres<\/a><\/blockquote><iframe loading=\"lazy\" class=\"wp-embedded-content\" sandbox=\"allow-scripts\" security=\"restricted\" style=\"position: absolute; clip: rect(1px, 1px, 1px, 1px);\" title=\"\u00abProponen planes de estudio para concientizar sobre los efectos de la violencia en ni\u00f1as, adolescentes y mujeres\u00bb \u2014 MPV: opini\u00f3n, ciudadanos, PRI, PAN, PRD\" src=\"https:\/\/www.mipuntodevista.com.mx\/proponen-planes-de-estudio-para-concientizar-sobre-los-efectos-de-la-violencia-en-ninas-adolescentes-y-mujeres\/embed\/#?secret=SgI8CsdAuQ#?secret=cPnAz8X3Nu\" data-secret=\"cPnAz8X3Nu\" width=\"600\" height=\"338\" frameborder=\"0\" marginwidth=\"0\" marginheight=\"0\" scrolling=\"no\"><\/iframe>\n<\/div><\/figure>\n\n\n\n<p><strong>En M\u00e9xico 6 de cada diez habitantes que no van a la escuela son mujeres: INEGI<\/strong>\\SEM M\u00e9xico<\/p>\n\n\n\n<figure class=\"wp-block-embed is-type-wp-embed is-provider-semmexico wp-block-embed-semmexico\"><div class=\"wp-block-embed__wrapper\">\n<blockquote class=\"wp-embedded-content\" data-secret=\"BO6ECshO2S\"><a href=\"https:\/\/www.semmexico.mx\/en-mexico-6-de-cada-diez-habitantes-que-no-van-a-la-escuela-son-mujeres-inegi\/\">En M\u00e9xico 6 de cada d\u00edez habitantes que no van a la escuela son mujeres: INEGI<\/a><\/blockquote><iframe loading=\"lazy\" class=\"wp-embedded-content\" sandbox=\"allow-scripts\" security=\"restricted\" style=\"position: absolute; clip: rect(1px, 1px, 1px, 1px);\" title=\"\u00ab&lt;strong&gt;En M\u00e9xico 6 de cada d\u00edez habitantes que no van a la escuela son mujeres: INEGI&lt;\/strong&gt;\u00bb \u2014 SemM\u00e9xico\" src=\"https:\/\/www.semmexico.mx\/en-mexico-6-de-cada-diez-habitantes-que-no-van-a-la-escuela-son-mujeres-inegi\/embed\/#?secret=zIrAUeb7PD#?secret=BO6ECshO2S\" data-secret=\"BO6ECshO2S\" width=\"600\" height=\"338\" frameborder=\"0\" marginwidth=\"0\" marginheight=\"0\" scrolling=\"no\"><\/iframe>\n<\/div><\/figure>\n\n\n\n<p><strong>Impulsar\u00e1n diputados reformas para garantizar derechos de las mujeres<\/strong>\\Posta<\/p>\n\n\n\n<figure class=\"wp-block-embed\"><div class=\"wp-block-embed__wrapper\">\nhttps:\/\/www.posta.com.mx\/mexico\/cdmx\/impulsaran-diputados-reformas-para-garantizar-derechos-de-las-mujeres\/581032\n<\/div><\/figure>\n\n\n\n<p class=\"has-text-align-center\"><strong>Viernes 1 de abril del 2022<\/strong><\/p>\n\n\n\n<p><strong>Congreso solicita informaci\u00f3n en materia de g\u00e9nero<\/strong><\/p>\n\n\n\n<p>Congreso Ciudad de M\u00e9xico\/ Noticias<\/p>\n\n\n\n<figure class=\"wp-block-embed\"><div class=\"wp-block-embed__wrapper\">\nhttps:\/\/congresocdmx.gob.mx\/comsoc-congreso-solicita-informacion-materia-genero-3249-1.html\n<\/div><\/figure>\n\n\n\n<p><strong>Urge Congreso capitalino protecci\u00f3n a la familia de Vania, v\u00edctima de feminicidio<\/strong><\/p>\n\n\n\n<p>Congreso Ciudad de M\u00e9xico\/ Noticias<\/p>\n\n\n\n<figure class=\"wp-block-embed\"><div class=\"wp-block-embed__wrapper\">\nhttps:\/\/congresocdmx.gob.mx\/comsoc-urge-congreso-capitalino-proteccion-familia-vania-victima-feminicidio-3250-1.html\n<\/div><\/figure>\n\n\n\n<p><strong>Solicita Congreso capitalino instalar sendero seguro a SEMUJERES y SOBSE<\/strong><\/p>\n\n\n\n<p>Congreso Ciudad de M\u00e9xico\/ Noticias<\/p>\n\n\n\n<figure class=\"wp-block-embed\"><div class=\"wp-block-embed__wrapper\">\nhttps:\/\/congresocdmx.gob.mx\/comsoc-solicita-congreso-capitalino-instalar-sendero-seguro-semujeres-y-sobse-3248-1.html\n<\/div><\/figure>\n\n\n\n<p><strong>Fiscal\u00eda promete avances en multi asesinato de periodista y mujeres en M\u00e9xico<\/strong><\/p>\n\n\n\n<p><strong>M\u00e9xico Prensa\/EFE<\/strong><\/p>\n\n\n\n<figure class=\"wp-block-embed\"><div class=\"wp-block-embed__wrapper\">\nhttps:\/\/www.efe.com\/efe\/usa\/mexico\/fiscalia-promete-avances-en-multiasesinato-de-periodista-y-mujeres-mexico\/50000100-4774392\n<\/div><\/figure>\n\n\n\n<p><strong>Busca PAN recuperar albergues capitalinos para mujeres que han sido violentadas<\/strong>\\La Cr\u00f3nica de Hoy<\/p>\n\n\n\n<figure class=\"wp-block-embed\"><div class=\"wp-block-embed__wrapper\">\nhttps:\/\/www.cronica.com.mx\/metropoli\/busca-pan-recuperar-albergues-capitalinos-mujeres-han-sido-violentadas.html\n<\/div><\/figure>\n\n\n\n<p><strong>Justicia para Vania, v\u00edctima de feminicidio en CDMX<\/strong>\\Reporte \u00cdndigo<\/p>\n\n\n\n<figure class=\"wp-block-embed is-type-wp-embed is-provider-reporte-indigo wp-block-embed-reporte-indigo\"><div class=\"wp-block-embed__wrapper\">\n<blockquote class=\"wp-embedded-content\" data-secret=\"zq7qqgBl9k\"><a href=\"https:\/\/www.reporteindigo.com\/reporte\/justicia-para-vania-victima-de-feminicidio-en-cdmx\/\">Justicia para Vania, v\u00edctima de feminicidio en CDMX<\/a><\/blockquote><iframe loading=\"lazy\" class=\"wp-embedded-content\" sandbox=\"allow-scripts\" security=\"restricted\" style=\"position: absolute; clip: rect(1px, 1px, 1px, 1px);\" title=\"&#8220;Justicia para Vania, v\u00edctima de feminicidio en CDMX&#8221; &#8212; Reporte Indigo\" src=\"https:\/\/www.reporteindigo.com\/reporte\/justicia-para-vania-victima-de-feminicidio-en-cdmx\/embed\/#?secret=atuZCwoczL#?secret=zq7qqgBl9k\" data-secret=\"zq7qqgBl9k\" width=\"600\" height=\"338\" frameborder=\"0\" marginwidth=\"0\" marginheight=\"0\" scrolling=\"no\"><\/iframe>\n<\/div><\/figure>\n\n\n\n<p><strong>Fortalecer\u00e1 EU colaboraci\u00f3n con M\u00e9xico para atender violencia de g\u00e9nero<\/strong>\\La Jornada<\/p>\n\n\n\n<figure class=\"wp-block-embed\"><div class=\"wp-block-embed__wrapper\">\nhttps:\/\/www.jornada.com.mx\/notas\/2022\/03\/31\/politica\/fortalecera-eu-colaboracion-con-mexico-para-atender-violencia-de-genero\/\n<\/div><\/figure>\n\n\n\n<p><strong>Feminicidios al alza en M\u00e9xico; al menos 10 estados presentan un repunte en 2022<\/strong>\\Publimetro<\/p>\n\n\n\n<figure class=\"wp-block-embed\"><div class=\"wp-block-embed__wrapper\">\nhttps:\/\/www.publimetro.com.mx\/nacional\/2022\/04\/01\/feminicidios-al-alza-en-mexico-al-menos-10-estados-presentan-un-repunte-en-2022\/\n<\/div><\/figure>\n\n\n\n<p><strong>Las mexicanas necesitan tener autonom\u00eda econ\u00f3mica. Y a\u00fan falta mucho por hacer<\/strong>\\IMCO<\/p>\n\n\n\n<figure class=\"wp-block-embed is-type-wp-embed is-provider-imco wp-block-embed-imco\"><div class=\"wp-block-embed__wrapper\">\n<blockquote class=\"wp-embedded-content\" data-secret=\"MwtS45qNjD\"><a href=\"https:\/\/imco.org.mx\/las-mexicanas-necesitan-tener-autonomia-economica-y-aun-falta-mucho-por-hacer\/\">Las mexicanas necesitan tener autonom\u00eda econ\u00f3mica. Y a\u00fan falta mucho por hacer.<\/a><\/blockquote><iframe loading=\"lazy\" class=\"wp-embedded-content\" sandbox=\"allow-scripts\" security=\"restricted\" style=\"position: absolute; clip: rect(1px, 1px, 1px, 1px);\" title=\"&#8220;Las mexicanas necesitan tener autonom\u00eda econ\u00f3mica. Y a\u00fan falta mucho por hacer.&#8221; &#8212; IMCO\" src=\"https:\/\/imco.org.mx\/las-mexicanas-necesitan-tener-autonomia-economica-y-aun-falta-mucho-por-hacer\/embed\/#?secret=Qs0SUlQCq5#?secret=MwtS45qNjD\" data-secret=\"MwtS45qNjD\" width=\"600\" height=\"338\" frameborder=\"0\" marginwidth=\"0\" marginheight=\"0\" scrolling=\"no\"><\/iframe>\n<\/div><\/figure>\n\n\n\n<p><strong>Mujeres trans marchan en CDMX; exigen empleos formales y alto a las agresiones<\/strong>\\La Prensa<\/p>\n\n\n\n<figure class=\"wp-block-embed\"><div class=\"wp-block-embed__wrapper\">\nhttps:\/\/www.la-prensa.com.mx\/metropoli\/mujeres-trans-marchan-en-cdmx-exigen-empleos-formales-y-alto-a-las-agresiones-8071686.html\n<\/div><\/figure>\n\n\n\n<hr class=\"wp-block-separator\"\/>\n\n\n\n<p class=\"has-text-align-center\"><strong>Jueves 31 de marzo del 2022<\/strong><\/p>\n\n\n\n<p><strong>Transportistas lanzan Red Mujer en busca de la equidad<\/strong>\\Grupo en Concreto<\/p>\n\n\n\n<figure class=\"wp-block-embed is-type-wp-embed is-provider-grupo-en-concreto wp-block-embed-grupo-en-concreto\"><div class=\"wp-block-embed__wrapper\">\nhttps:\/\/grupoenconcreto.com\/transportistas-lanzan-red-mujer-en-busca-de-la-equidad\/\n<\/div><\/figure>\n\n\n\n<p><strong>L\u00eda Lim\u00f3n destaca 30% de avance en estancias infantiles en \u00c1lvaro Obreg\u00f3n<\/strong>\\Radio F\u00f3rmula<\/p>\n\n\n\n<figure class=\"wp-block-embed\"><div class=\"wp-block-embed__wrapper\">\nhttps:\/\/www.radioformula.com.mx\/cdmx\/2022\/3\/30\/lia-limon-destaca-30-de-avance-en-estancias-infantiles-en-alvaro-obregon-507934.html\n<\/div><\/figure>\n\n\n\n<p><strong>La violencia contra las mujeres trans de la que no se habla<\/strong>\\El Universal<\/p>\n\n\n\n<figure class=\"wp-block-embed\"><div class=\"wp-block-embed__wrapper\">\nhttps:\/\/www.eluniversal.com.mx\/nacion\/transfeminicidios-la-violencia-contra-las-mujeres-trans-de-la-que-no-se-habla\n<\/div><\/figure>\n\n\n\n<p><strong>Abren proceso contra feminista en la CDMX; la acusan de agredir a su hija con base en una testigo que ahora nadie ubica<\/strong>\\Animal Pol\u00edtico<\/p>\n\n\n\n<figure class=\"wp-block-embed is-type-wp-embed is-provider-animal-politico wp-block-embed-animal-politico\"><div class=\"wp-block-embed__wrapper\">\n<blockquote class=\"wp-embedded-content\" data-secret=\"SYxI2davQs\"><a href=\"https:\/\/www.animalpolitico.com\/2022\/03\/proceso-feminista-mime-cdmx-abogada-acusa-persecucion\/\">Abren proceso contra feminista en la CDMX; la acusan de agredir a su hija con base en una testigo que ahora nadie ubica<\/a><\/blockquote><iframe loading=\"lazy\" class=\"wp-embedded-content\" sandbox=\"allow-scripts\" security=\"restricted\" style=\"position: absolute; clip: rect(1px, 1px, 1px, 1px);\" title=\"&#8220;Abren proceso contra feminista en la CDMX; la acusan de agredir a su hija con base en una testigo que ahora nadie ubica&#8221; &#8212; Animal Pol\u00edtico\" src=\"https:\/\/www.animalpolitico.com\/2022\/03\/proceso-feminista-mime-cdmx-abogada-acusa-persecucion\/embed\/#?secret=SYxI2davQs\" data-secret=\"SYxI2davQs\" width=\"600\" height=\"338\" frameborder=\"0\" marginwidth=\"0\" marginheight=\"0\" scrolling=\"no\"><\/iframe>\n<\/div><\/figure>\n\n\n\n<p><strong>Presentan el libro \u201cPerspectiva de g\u00e9nero en M\u00e9xico: Una visi\u00f3n multidisciplinaria\u201d<\/strong>\\Mi Punto de Vista<\/p>\n\n\n\n<figure class=\"wp-block-embed is-type-wp-embed is-provider-mpv-opinion-ciudadanos-pri-pan-prd wp-block-embed-mpv-opinion-ciudadanos-pri-pan-prd\"><div class=\"wp-block-embed__wrapper\">\n<blockquote class=\"wp-embedded-content\" data-secret=\"m5Bf1XnmFE\"><a href=\"https:\/\/www.mipuntodevista.com.mx\/presentan-el-libro-perspectiva-de-genero-en-mexico-una-vision-multidisciplinaria\/\">Presentan el libro \u201cPerspectiva de g\u00e9nero en M\u00e9xico: Una visi\u00f3n multidisciplinaria\u201d<\/a><\/blockquote><iframe loading=\"lazy\" class=\"wp-embedded-content\" sandbox=\"allow-scripts\" security=\"restricted\" style=\"position: absolute; clip: rect(1px, 1px, 1px, 1px);\" title=\"\u00abPresentan el libro \u201cPerspectiva de g\u00e9nero en M\u00e9xico: Una visi\u00f3n multidisciplinaria\u201d\u00bb \u2014 MPV: opini\u00f3n, ciudadanos, PRI, PAN, PRD\" src=\"https:\/\/www.mipuntodevista.com.mx\/presentan-el-libro-perspectiva-de-genero-en-mexico-una-vision-multidisciplinaria\/embed\/#?secret=UhMjwqMlmT#?secret=m5Bf1XnmFE\" data-secret=\"m5Bf1XnmFE\" width=\"600\" height=\"338\" frameborder=\"0\" marginwidth=\"0\" marginheight=\"0\" scrolling=\"no\"><\/iframe>\n<\/div><\/figure>\n\n\n\n<hr class=\"wp-block-separator\"\/>\n\n\n\n<p class=\"has-text-align-center\"><strong>Mi\u00e9rcoles 30 de marzo d<\/strong>el 2022<\/p>\n\n\n\n<hr class=\"wp-block-separator\"\/>\n\n\n\n<p><strong>Integrantes de la Comisi\u00f3n de Igualdad de G\u00e9nero acuerdan fortalecer su trabajo en pro de las mujeres\/ <\/strong>Congreso Ciudad de M\u00e9xico\/ Noticias<\/p>\n\n\n\n<figure class=\"wp-block-embed\"><div class=\"wp-block-embed__wrapper\">\nhttps:\/\/congresocdmx.gob.mx\/comsoc-integrantes-comision-igualdad-genero-acuerdan-fortalecer-su-trabajo-pro-las-mujeres-3241-1.html\n<\/div><\/figure>\n\n\n\n<p><strong>Propone el Congreso local servicio de taxis exclusivo para mujeres\/ <\/strong>Congreso Ciudad de M\u00e9xico<\/p>\n\n\n\n<figure class=\"wp-block-embed\"><div class=\"wp-block-embed__wrapper\">\nhttps:\/\/congresocdmx.gob.mx\/comsoc-propone-congreso-local-servicio-taxis-exclusivo-mujeres-3239-1.html\n<\/div><\/figure>\n\n\n\n<p><strong>Ideolog\u00eda de g\u00e9nero pretende disolver a la mujer hasta desaparecerla: Am\u00e9rica Rangel<\/strong>\\Siete24<\/p>\n\n\n\n<figure class=\"wp-block-embed is-type-wp-embed is-provider-siete-24 wp-block-embed-siete-24\"><div class=\"wp-block-embed__wrapper\">\nhttps:\/\/siete24.mx\/mexico\/cdmx\/ideologia-de-genero-pretende-disolver-a-la-mujer-hasta-desaparecerla-america-rangelideologia-de-genero-pretende-disolver-a-la-mujer-hasta-desaparecerla-america-rangel\/\n<\/div><\/figure>\n\n\n\n<p><strong>Aumento de consumo de drogas en la CDMX con mayor incidencia en las mujeres<\/strong>\\La Prensa<\/p>\n\n\n\n<figure class=\"wp-block-embed\"><div class=\"wp-block-embed__wrapper\">\nhttps:\/\/www.la-prensa.com.mx\/metropoli\/cdmx\/aumento-de-consumo-de-drogas-en-la-cdmx-con-mayor-incidencia-en-las-mujeres-8061536.html\n<\/div><\/figure>\n\n\n\n<p><strong>Entrega el Congreso de la CDMX medalla \u201cHermila Galindo 2021\u201d<\/strong>\\Hoja de Ruta Digital<\/p>\n\n\n\n<figure class=\"wp-block-embed\"><div class=\"wp-block-embed__wrapper\">\nhttps:\/\/hojaderutadigital.mx\/entrega-el-congreso-de-la-cdmx-medalla-hermila-galindo-2021\/\n<\/div><\/figure>\n\n\n\n<p><strong>Trabajadoras dom\u00e9sticas en M\u00e9xico: necesarias pero vilipendiadas<\/strong>\\El Capitalino<\/p>\n\n\n\n<figure class=\"wp-block-embed\"><div class=\"wp-block-embed__wrapper\">\nhttps:\/\/elcapitalino.mx\/economia-y-finanzas\/trabajadoras-domesticas-en-mexico-necesarias-pero-vilipendiadas\/\n<\/div><\/figure>\n\n\n\n<p><strong>Martes 29 de marzo del 2022<\/strong><\/p>\n\n\n\n<p> <\/p>\n\n\n\n<p><strong>Poderes Judiciales se comprometen contra violencia de g\u00e9nero, vicaria y alimentaria\\<\/strong>La Jornada<\/p>\n\n\n\n<figure class=\"wp-block-embed\"><div class=\"wp-block-embed__wrapper\">\nhttps:\/\/www.jornada.com.mx\/notas\/2022\/03\/28\/estados\/poderes-judiciales-se-comprometen-contra-violencia-de-genero-vicaria-y-alimentaria\/\n<\/div><\/figure>\n\n\n\n<p><strong>Exigen a UNAM disculpas por violencia a comunidades trans, no binarias e intersexuales\\<\/strong>El Sol de M\u00e9xico<\/p>\n\n\n\n<figure class=\"wp-block-embed\"><div class=\"wp-block-embed__wrapper\">\nhttps:\/\/www.elsoldemexico.com.mx\/mexico\/sociedad\/exigen-a-unam-disculpas-por-violencia-a-comunidades-trans-no-binarias-e-intersexuales-8056962.html\n<\/div><\/figure>\n\n\n\n<p><strong>Se aprobar\u00e1 el Sistema Nacional de Cuidados en M\u00e9xico y Argentina; para favorecer empleo femenino\\<\/strong>SEM M\u00e9xico<\/p>\n\n\n\n<figure class=\"wp-block-embed is-type-wp-embed is-provider-semmexico wp-block-embed-semmexico\"><div class=\"wp-block-embed__wrapper\">\n<blockquote class=\"wp-embedded-content\" data-secret=\"YFXUI0S9pd\"><a href=\"https:\/\/www.semmexico.mx\/se-aprobara-el-sistema-nacional-de-cuidados-en-mexico-y-argentina-para-favorecer-empleo-femenino\/\">Se aprobar\u00e1 el Sistema Nacional de Cuidados en M\u00e9xico y Argentina; para favorecer empleo femenino<\/a><\/blockquote><iframe loading=\"lazy\" class=\"wp-embedded-content\" sandbox=\"allow-scripts\" security=\"restricted\" style=\"position: absolute; clip: rect(1px, 1px, 1px, 1px);\" title=\"\u00abSe aprobar\u00e1 el Sistema Nacional de Cuidados en M\u00e9xico y Argentina; para favorecer empleo femenino\u00bb \u2014 SemM\u00e9xico\" src=\"https:\/\/www.semmexico.mx\/se-aprobara-el-sistema-nacional-de-cuidados-en-mexico-y-argentina-para-favorecer-empleo-femenino\/embed\/#?secret=3nHAyDWX60#?secret=YFXUI0S9pd\" data-secret=\"YFXUI0S9pd\" width=\"600\" height=\"338\" frameborder=\"0\" marginwidth=\"0\" marginheight=\"0\" scrolling=\"no\"><\/iframe>\n<\/div><\/figure>\n\n\n\n<p><strong>&#8220;No, es no&#8221;: Senado busca erradicar violencia contra las mujeres\\<\/strong>SIPSE<\/p>\n\n\n\n<figure class=\"wp-block-embed\"><div class=\"wp-block-embed__wrapper\">\nhttps:\/\/sipse.com\/mexico\/senado-violencia-contra-mujer-421659.html\n<\/div><\/figure>\n\n\n\n<p><strong>Reforzar\u00e1n derechos y prestaciones de las trabajadoras del hogar\\<\/strong>El Capitalino<\/p>\n\n\n\n<figure class=\"wp-block-embed\"><div class=\"wp-block-embed__wrapper\">\nhttps:\/\/elcapitalino.mx\/noticias\/reforzaran-derechos-y-prestaciones-de-las-trabajadoras-del-hogar\/\n<\/div><\/figure>\n\n\n\n<p>Lunes 28 de marzo del 2022<\/p>\n\n\n\n<p><strong>Tlalpan encabeza a los 100 municipios con m\u00e1s feminicidios a nivel nacional<\/strong>\\Publimetro<a href=\"https:\/\/www.publimetro.com.mx\/noticias\/2022\/03\/28\/tlalpan-encabeza-a-los-100-municipios-con-mas-feminicidios-a-nivel-nacional\/\">https:\/\/www.publimetro.com.mx\/noticias\/2022\/03\/28\/tlalpan-encabeza-a-los-100-municipios-con-mas-feminicidios-a-nivel-nacional\/<\/a><\/p>\n\n\n\n<p><strong>SSC capacita a policias en materia de igualdad de g\u00e9nero<\/strong>\\Diario Basta<\/p>\n\n\n\n<figure class=\"wp-block-embed is-type-wp-embed is-provider-diario-basta wp-block-embed-diario-basta\"><div class=\"wp-block-embed__wrapper\">\n<blockquote class=\"wp-embedded-content\" data-secret=\"OpFKnlGQ4K\"><a href=\"https:\/\/diariobasta.com\/2022\/03\/27\/ssc-capacita-a-policias-en-materia-de-igualdad-de-genero\/\">SSC capacita a polic\u00edas en materia de igualdad de g\u00e9nero<\/a><\/blockquote><iframe loading=\"lazy\" class=\"wp-embedded-content\" sandbox=\"allow-scripts\" security=\"restricted\" style=\"position: absolute; clip: rect(1px, 1px, 1px, 1px);\" title=\"&#8220;SSC capacita a polic\u00edas en materia de igualdad de g\u00e9nero&#8221; &#8212; Diario Basta!\" src=\"https:\/\/diariobasta.com\/2022\/03\/27\/ssc-capacita-a-policias-en-materia-de-igualdad-de-genero\/embed\/#?secret=OpFKnlGQ4K\" data-secret=\"OpFKnlGQ4K\" width=\"600\" height=\"338\" frameborder=\"0\" marginwidth=\"0\" marginheight=\"0\" scrolling=\"no\"><\/iframe>\n<\/div><\/figure>\n\n\n\n<p><strong>Mente Mujer: Violencia de g\u00e9nero dom\u00e9stica, un monstruo en casa<\/strong>\\El Heraldo de M\u00e9xico<\/p>\n\n\n\n<figure class=\"wp-block-embed\"><div class=\"wp-block-embed__wrapper\">\nhttps:\/\/heraldodemexico.com.mx\/nacional\/2022\/3\/28\/mente-mujer-violencia-de-genero-domestica-un-monstruo-en-casa-390790.html\n<\/div><\/figure>\n\n\n\n<p><strong>\u201cTentativa de feminicidio\u201d, el nuevo delito que se pudiera incluir en el C\u00f3digo Penal<\/strong>\\Infobae<\/p>\n\n\n\n<figure class=\"wp-block-embed\"><div class=\"wp-block-embed__wrapper\">\nhttps:\/\/www.infobae.com\/america\/mexico\/2022\/03\/27\/tentativa-de-feminicidio-el-nuevo-delito-que-se-pudiera-incluir-en-el-codigo-penal\/\n<\/div><\/figure>\n\n\n\n<p><strong>Trabajadoras del hogar, entre la conquista de derechos y el impacto de la pandemia<\/strong>\\El Economista<\/p>\n\n\n\n<figure class=\"wp-block-embed\"><div class=\"wp-block-embed__wrapper\">\nhttps:\/\/www.eleconomista.com.mx\/capitalhumano\/Trabajadoras-del-hogar-entre-la-conquista-de-derechos-y-el-impacto-de-la-pandemia-20220325-0064.html\n<\/div><\/figure>\n\n\n\n<hr class=\"wp-block-separator\"\/>\n\n\n\n<p><strong>Acoso sexual en los centros educativos<\/strong>\\El Sol de M\u00e9xico<\/p>\n\n\n\n<figure class=\"wp-block-embed\"><div class=\"wp-block-embed__wrapper\">\nhttps:\/\/www.elsoldemexico.com.mx\/analisis\/acoso-sexual-en-los-centros-educativos-8053799.html\n<\/div><\/figure>\n\n\n\n<hr class=\"wp-block-separator\"\/>\n\n\n\n<p> <\/p>\n\n\n\n<p class=\"has-text-align-center\"> <strong>Lunes 14 de marzo del 2022<\/strong><\/p>\n\n\n\n<hr class=\"wp-block-separator\"\/>\n\n\n\n<p><strong>Cinco de cada diez mujeres ha sufrido violencia sexual en el \u00c1rea Metropolitana<\/strong>\\Milenio<\/p>\n\n\n\n<p><a href=\"https:\/\/www.milenio.com\/politica\/comunidad\/jalisco-diez-mujeres-sufrido-violencia-sexual\">https:\/\/www.milenio.com\/politica\/comunidad\/jalisco-diez-mujeres-sufrido-violencia-sexual<\/a><\/p>\n\n\n\n<hr class=\"wp-block-separator\"\/>\n\n\n\n<p><strong>El camino recorrido en M\u00e9xico para la despenalizaci\u00f3n del aborto<\/strong>\\El Heraldo de Saltillo<\/p>\n\n\n\n<p><a href=\"https:\/\/www.elheraldodesaltillo.mx\/2022\/03\/14\/el-camino-recorrido-en-mexico-para-la-despenalizacion-del-aborto\/\">https:\/\/www.elheraldodesaltillo.mx\/2022\/03\/14\/el-camino-recorrido-en-mexico-para-la-despenalizacion-del-aborto\/<\/a><\/p>\n\n\n\n<hr class=\"wp-block-separator\"\/>\n\n\n\n<p><strong>Las reivindicaciones feministas en El Colegio Nacional (Segunda parte)<\/strong>\\La Cr\u00f3nica<\/p>\n\n\n\n<p><a href=\"https:\/\/www.cronica.com.mx\/cultura\/reivindicaciones-feministas-colegio-nacional-segunda-parte.html\">https:\/\/www.cronica.com.mx\/cultura\/reivindicaciones-feministas-colegio-nacional-segunda-parte.html<\/a><\/p>\n\n\n\n<hr class=\"wp-block-separator\"\/>\n\n\n\n<p><strong>Dan primeros pasos contra la violencia vicaria en CDMX<\/strong>\\El Sol de M\u00e9xico<\/p>\n\n\n\n<p><a href=\"https:\/\/www.elsoldemexico.com.mx\/metropoli\/cdmx\/dan-primeros-pasos-contra-la-violencia-vicaria-en-cdmx-7989147.html\">https:\/\/www.elsoldemexico.com.mx\/metropoli\/cdmx\/dan-primeros-pasos-contra-la-violencia-vicaria-en-cdmx-7989147.html<\/a><\/p>\n\n\n\n<hr class=\"wp-block-separator\"\/>\n\n\n\n<p><strong>Liga Mx Femenil enfrenta una gran desigualdad; Mundial 2026, la oportunidad de acabar con ella, aseguran especialistas<\/strong>\\Esto<\/p>\n\n\n\n<p><a href=\"https:\/\/www.esto.com.mx\/585919-liga-mx-femenil-enfrenta-una-gran-desigualdad-mundial-2026-la-oportunidad-de-acabar-con-ella-aseguran-especialistas\/\">https:\/\/www.esto.com.mx\/585919-liga-mx-femenil-enfrenta-una-gran-desigualdad-mundial-2026-la-oportunidad-de-acabar-con-ella-aseguran-especialistas\/<\/a><\/p>\n\n\n\n<hr class=\"wp-block-separator\"\/>\n\n\n\n<h4 class=\"has-text-align-center wp-block-heading\">Jueves, 9 de septiembre 2021<\/h4>\n\n\n\n<hr class=\"wp-block-separator\"\/>\n\n\n\n<p><strong>Congreso CDMX busca \u2018ley antichancla\u2019 para proteger a menores de castigos excesivos \/ Pol\u00edtico<\/strong><\/p>\n\n\n\n<p><a href=\"https:\/\/politico.mx\/minuta-politica\/minuta-politica-metropolitano\/congreso-cdmx-busca-ley-antichancla-para-proteger-a-menores-de-castigos-excesivos\/\" target=\"_blank\" rel=\"noreferrer noopener\">https:\/\/politico.mx\/minuta-politica\/minuta-politica-metropolitano\/congreso-cdmx-busca-ley-antichancla-para-proteger-a-menores-de-castigos-excesivos\/<\/a><\/p>\n\n\n\n<hr class=\"wp-block-separator\"\/>\n\n\n\n<p><strong>Sobre la despenalizaci\u00f3n del aborto, respetar\u00e9 la legalidad: L\u00f3pez Obrador \/ La Jornada<\/strong><\/p>\n\n\n\n<p><a href=\"https:\/\/www.jornada.com.mx\/2021\/09\/09\/politica\/010n1pol\" target=\"_blank\" rel=\"noreferrer noopener\">https:\/\/www.jornada.com.mx\/2021\/09\/09\/politica\/010n1pol<\/a><\/p>\n\n\n\n<hr class=\"wp-block-separator\"\/>\n\n\n\n<p><strong>Cada a\u00f1o se realizan 19 millones de interrupciones de embarazos en condiciones inseguras: OMS \/ La Jornada<\/strong><\/p>\n\n\n\n<p><a href=\"https:\/\/www.jornada.com.mx\/2021\/09\/09\/politica\/010n2pol\" target=\"_blank\" rel=\"noreferrer noopener\">https:\/\/www.jornada.com.mx\/2021\/09\/09\/politica\/010n2pol<\/a><\/p>\n\n\n\n<hr class=\"wp-block-separator\"\/>\n\n\n\n<p><strong>Decisi\u00f3n de la Corte, avance en los derechos de las mujeres, dicen organismos de la ONU \/ La Jornada<\/strong><\/p>\n\n\n\n<p><a href=\"https:\/\/www.jornada.com.mx\/2021\/09\/09\/politica\/010n3pol\" target=\"_blank\" rel=\"noreferrer noopener\">https:\/\/www.jornada.com.mx\/2021\/09\/09\/politica\/010n3pol<\/a><\/p>\n\n\n\n<hr class=\"wp-block-separator\"\/>\n\n\n\n<p><strong>Incrementan a 51 a\u00f1os y tres meses la condena a homicida de Miroslava Breach \/ La Jornada<\/strong><\/p>\n\n\n\n<p><a href=\"https:\/\/www.jornada.com.mx\/2021\/09\/09\/estados\/030n1est\" target=\"_blank\" rel=\"noreferrer noopener\">https:\/\/www.jornada.com.mx\/2021\/09\/09\/estados\/030n1est<\/a><\/p>\n\n\n\n<hr class=\"wp-block-separator\"\/>\n\n\n\n<p><strong>Agencias de la ONU saludan la despenalizaci\u00f3n del aborto en M\u00e9xico \/ ONU<\/strong><\/p>\n\n\n\n<p><a href=\"https:\/\/www.onu.org.mx\/agencias-de-la-onu-saludan-la-despenalizacion-del-aborto-en-mexico\/\" target=\"_blank\" rel=\"noreferrer noopener\">https:\/\/www.onu.org.mx\/agencias-de-la-onu-saludan-la-despenalizacion-del-aborto-en-mexico\/<\/a><\/p>\n\n\n\n<hr class=\"wp-block-separator\"\/>\n\n\n\n<p><strong>No debe tolerarse violencia contra ninguna mujer en M\u00e9xico, incluso siendo migrantes: Imuni \/ Aqu\u00ed Noticias<\/strong><\/p>\n\n\n\n<p><a href=\"https:\/\/aquinoticias.mx\/no-debe-tolerarse-violencia-contra-ninguna-mujer-en-mexico-incluso-siendo-migrantes-imuni\/\" target=\"_blank\" rel=\"noreferrer noopener\">https:\/\/aquinoticias.mx\/no-debe-tolerarse-violencia-contra-ninguna-mujer-en-mexico-incluso-siendo-migrantes-imuni\/<\/a><\/p>\n\n\n\n<hr class=\"wp-block-separator\"\/>\n\n\n\n<p><strong>Concentran 50 municipios incidencia en feminicidios \/ Luces del Siglo<\/strong><\/p>\n\n\n\n<p><a href=\"https:\/\/lucesdelsiglo.com\/2021\/09\/09\/concentran-50-municipios-incidencia-en-feminicidios-local\/\" target=\"_blank\" rel=\"noreferrer noopener\">https:\/\/lucesdelsiglo.com\/2021\/09\/09\/concentran-50-municipios-incidencia-en-feminicidios-local\/<\/a><\/p>\n\n\n\n<hr class=\"wp-block-separator\"\/>\n\n\n\n<p><strong>La 3 de 3 contra violencia de g\u00e9nero ser\u00e1 obligatoria en los \u00f3rganos electorales \/ Expansi\u00f3n<\/strong><\/p>\n\n\n\n<p><a href=\"https:\/\/politica.expansion.mx\/mexico\/2021\/09\/08\/la-3de3-contra-violencia-de-genero-sera-obligatoria-en-los-organos-electorales\" target=\"_blank\" rel=\"noreferrer noopener\">https:\/\/politica.expansion.mx\/mexico\/2021\/09\/08\/la-3de3-contra-violencia-de-genero-sera-obligatoria-en-los-organos-electorales<\/a><\/p>\n","protected":false},"excerpt":{"rendered":"<p>#CELIG al d\u00eda 2 de diciembre de 2022 Este d\u00eda se realiz\u00f3 el Protocolo de firma de los manuales administrativos del Centro de Estudios Legislativos para la Igualdad de G\u00e9nero (CELIG) y la Contralor\u00eda interna, ambos del Congreso de la Ciudad de M\u00e9xico. Una vez efectuado este Protocolo, los manuales de Organizaci\u00f3n y el de Pol\u00edticas y Procedimientos del CELIG ser\u00e1n remitidos al Comit\u00e9 de Administraci\u00f3n y Capacitaci\u00f3n del Congreso para su aprobaci\u00f3n. Lo anterior conforme al acuerdo CCMX\/IIL\/CAC\/010\/2022 de dicho Comit\u00e9, en el que se establece el proceso de actualizaci\u00f3n y adecuaci\u00f3n de los manuales administrativos del Congreso de la Ciudad de M\u00e9xico, II Legislatura. Los manuales referidos tienen el objetivo de establecer de manera institucional la funcionalidad del Centro, su organizaci\u00f3n y coordinaci\u00f3n interna, as\u00ed como de ordenar los procedimientos internos de trabajo para que el personal incorporado al CELIG realice sus funciones y de esa manera, se cumpla con las atribuciones del Centro establecidas en la Ley Org\u00e1nica y Reglamento del Congreso. Viernes 8 de abril del 2022 Vinculan a proceso 75 agresores de mujeres en la CDMX\\El Sol de M\u00e9xico https:\/\/www.elsoldemexico.com.mx\/metropoli\/cdmx\/vinculan-a-proceso-75-agresores-de-mujeres-en-la-cdmx-8109736.html Avala Congreso de Jalisco las uniones del mismo sexo\\24 Horas https:\/\/www.24-horas.mx\/2022\/04\/08\/avala-congreso-de-jalisco-las-uniones-del-mismo-sexo\/ Feministas protestan frente a la FGR en CDMX para exigir justicia por represi\u00f3n de mujeres en Chimalhuac\u00e1n\\LatinUS https:\/\/latinus.us\/2022\/04\/07\/colectivas-feministas-protestan-frente-fgr-exigir-justicia-represion-mujeres-chimalhuacan\/ Capacitaci\u00f3n a mujeres en Alcald\u00eda Venustiano Carranza\\Luces del Siglo https:\/\/lucesdelsiglo.com\/2022\/04\/07\/capacitacion-a-mujeres-en-alcaldia-venustiano-carranza-cdmx\/ Violencia y acoso; dos graves problemas que enfrentan las mujeres\\Diario Basta https:\/\/diariobasta.com\/2022\/04\/07\/violencia-y-acoso-dos-graves-problemas-que-enfrentan-las-mujeres\/ Mi\u00e9rcoles 6 de abril del 2022. OCNF hace un llamado a la gobernadora de Tlaxcala a reconocer la violencia contra las mujeres\\Somos el Medio https:\/\/www.somoselmedio.com\/2022\/04\/06\/ocnf-hace-un-llamado-a-la-gobernadora-de-tlaxcala-a-reconocer-la-violencia-contra-las-mujeres\/ Martes 5 de abril del 2022 Senadora de MC busca prohibir impuestos sexistas\\Capital M\u00e9xico https:\/\/www.capitalmexico.com.mx\/cdmx\/senadora-de-mc-busca-prohibir-impuestos-sexistas\/ Prevalecen feminicidios en M\u00e9xico: al menos 10 mujeres asesinadas al d\u00eda\\La Jornada https:\/\/www.jornada.com.mx\/notas\/2022\/04\/04\/sociedad\/prevalecen-feminicidios-en-mexico-al-menos-10-mujeres-asesinadas-al-dia\/ Evidente la participaci\u00f3n de las mujeres en el sector el\u00e9ctrico v\u00eda las redes sociales en M\u00e9xico\\PV Magazine https:\/\/www.pv-magazine-mexico.com\/2022\/04\/04\/evidente-la-participacion-de-las-mujeres-en-el-sector-electrico-via-las-redes-sociales-en-mexico\/ Falla Estado mexicano a mujeres en reclusi\u00f3n\\SEM M\u00e9xico https:\/\/www.semmexico.mx\/falla-estado-mexicano-a-mujeres-en-reclusion\/ Fiscal\u00eda de CDMX activ\u00f3 protocolo de feminicidio por el hallazgo del cad\u00e1ver de una mujer en un hotel del centro\\Infobae https:\/\/www.infobae.com\/america\/mexico\/2022\/04\/04\/fiscalia-de-cdmx-activo-protocolo-de-feminicidio-por-el-hallazgo-del-cadaver-de-una-mujer-en-un-hotel-del-centro\/ Feminicidio de Rebeca Rojas: joven fue desaparecida y asesinada en Pueblo San Juan de Arag\u00f3n\\SDP Noticias https:\/\/www.sdpnoticias.com\/estados\/cdmx\/feminicidio-de-rebeca-rojas-joven-fue-desaparecida-y-asesinada-en-pueblo-san-juan-de-aragon\/ Lunes 4 de abril de 2022 Sin avance en la legislaci\u00f3n de transfeminicidios en CDMX\\La Lista Paola Schietekat gana caso en Qatar y libra condena: SRE\\Vanguardia Veracruz Proponen que matrimonio forzado por costumbres se considere violencia familiar o en la comunidad\\Al Momento Proponen planes de estudio para concientizar sobre los efectos de la violencia en ni\u00f1as, adolescentes y mujeres\\Mi Punto de Vista En M\u00e9xico 6 de cada diez habitantes que no van a la escuela son mujeres: INEGI\\SEM M\u00e9xico Impulsar\u00e1n diputados reformas para garantizar derechos de las mujeres\\Posta Viernes 1 de abril del 2022 Congreso solicita informaci\u00f3n en materia de g\u00e9nero Congreso Ciudad de M\u00e9xico\/ Noticias Urge Congreso capitalino protecci\u00f3n a la familia de Vania, v\u00edctima de feminicidio Congreso Ciudad de M\u00e9xico\/ Noticias Solicita Congreso capitalino instalar sendero seguro a SEMUJERES y SOBSE Congreso Ciudad de M\u00e9xico\/ Noticias Fiscal\u00eda promete avances en multi asesinato de periodista y mujeres en M\u00e9xico M\u00e9xico Prensa\/EFE Busca PAN recuperar albergues capitalinos para mujeres que han sido violentadas\\La Cr\u00f3nica de Hoy Justicia para Vania, v\u00edctima de feminicidio en CDMX\\Reporte \u00cdndigo Fortalecer\u00e1 EU colaboraci\u00f3n con M\u00e9xico para atender violencia de g\u00e9nero\\La Jornada Feminicidios al alza en M\u00e9xico; al menos 10 estados presentan un repunte en 2022\\Publimetro Las mexicanas necesitan tener autonom\u00eda econ\u00f3mica. Y a\u00fan falta mucho por hacer\\IMCO Mujeres trans marchan en CDMX; exigen empleos formales y alto a las agresiones\\La Prensa Jueves 31 de marzo del 2022 Transportistas lanzan Red Mujer en busca de la equidad\\Grupo en Concreto L\u00eda Lim\u00f3n destaca 30% de avance en estancias infantiles en \u00c1lvaro Obreg\u00f3n\\Radio F\u00f3rmula La violencia contra las mujeres trans de la que no se habla\\El Universal Abren proceso contra feminista en la CDMX; la acusan de agredir a su hija con base en una testigo que ahora nadie ubica\\Animal Pol\u00edtico Presentan el libro \u201cPerspectiva de g\u00e9nero en M\u00e9xico: Una visi\u00f3n multidisciplinaria\u201d\\Mi Punto de Vista Mi\u00e9rcoles 30 de marzo del 2022 Integrantes de la Comisi\u00f3n de Igualdad de G\u00e9nero acuerdan fortalecer su trabajo en pro de las mujeres\/ Congreso Ciudad de M\u00e9xico\/ Noticias Propone el Congreso local servicio de taxis exclusivo para mujeres\/ Congreso Ciudad de M\u00e9xico Ideolog\u00eda de g\u00e9nero pretende disolver a la mujer hasta desaparecerla: Am\u00e9rica Rangel\\Siete24 Aumento de consumo de drogas en la CDMX con mayor incidencia en las mujeres\\La Prensa Entrega el Congreso de la CDMX medalla \u201cHermila Galindo 2021\u201d\\Hoja de Ruta Digital Trabajadoras dom\u00e9sticas en M\u00e9xico: necesarias pero vilipendiadas\\El Capitalino Martes 29 de marzo del 2022 Poderes Judiciales se comprometen contra violencia de g\u00e9nero, vicaria y alimentaria\\La Jornada Exigen a UNAM disculpas por violencia a comunidades trans, no binarias e intersexuales\\El Sol de M\u00e9xico Se aprobar\u00e1 el Sistema Nacional de Cuidados en M\u00e9xico y Argentina; para favorecer empleo femenino\\SEM M\u00e9xico &#8220;No, es no&#8221;: Senado busca erradicar violencia contra las mujeres\\SIPSE Reforzar\u00e1n derechos y prestaciones de las trabajadoras del hogar\\El Capitalino Lunes 28 de marzo del 2022 Tlalpan encabeza a los 100 municipios con m\u00e1s feminicidios a nivel nacional\\Publimetrohttps:\/\/www.publimetro.com.mx\/noticias\/2022\/03\/28\/tlalpan-encabeza-a-los-100-municipios-con-mas-feminicidios-a-nivel-nacional\/ SSC capacita a policias en materia de igualdad de g\u00e9nero\\Diario Basta Mente Mujer: Violencia de g\u00e9nero dom\u00e9stica, un monstruo en casa\\El Heraldo de M\u00e9xico \u201cTentativa de feminicidio\u201d, el nuevo delito que se pudiera incluir en el C\u00f3digo Penal\\Infobae Trabajadoras del hogar, entre la conquista de derechos y el impacto de la pandemia\\El Economista Acoso sexual en los centros educativos\\El Sol de M\u00e9xico Lunes 14 de marzo del 2022 Cinco de cada diez mujeres ha sufrido violencia sexual en el \u00c1rea Metropolitana\\Milenio https:\/\/www.milenio.com\/politica\/comunidad\/jalisco-diez-mujeres-sufrido-violencia-sexual El camino recorrido en M\u00e9xico para la despenalizaci\u00f3n del aborto\\El Heraldo de Saltillo https:\/\/www.elheraldodesaltillo.mx\/2022\/03\/14\/el-camino-recorrido-en-mexico-para-la-despenalizacion-del-aborto\/ Las reivindicaciones feministas en El Colegio Nacional (Segunda parte)\\La Cr\u00f3nica https:\/\/www.cronica.com.mx\/cultura\/reivindicaciones-feministas-colegio-nacional-segunda-parte.html Dan primeros pasos contra la violencia vicaria en CDMX\\El Sol de M\u00e9xico https:\/\/www.elsoldemexico.com.mx\/metropoli\/cdmx\/dan-primeros-pasos-contra-la-violencia-vicaria-en-cdmx-7989147.html Liga Mx Femenil enfrenta una gran desigualdad; Mundial 2026, la oportunidad de acabar con ella, aseguran especialistas\\Esto https:\/\/www.esto.com.mx\/585919-liga-mx-femenil-enfrenta-una-gran-desigualdad-mundial-2026-la-oportunidad-de-acabar-con-ella-aseguran-especialistas\/ Jueves, 9 de septiembre 2021 Congreso CDMX busca \u2018ley antichancla\u2019 para proteger a menores de castigos excesivos \/ Pol\u00edtico https:\/\/politico.mx\/minuta-politica\/minuta-politica-metropolitano\/congreso-cdmx-busca-ley-antichancla-para-proteger-a-menores-de-castigos-excesivos\/ Sobre la despenalizaci\u00f3n del aborto, respetar\u00e9 la legalidad: L\u00f3pez Obrador \/ La Jornada https:\/\/www.jornada.com.mx\/2021\/09\/09\/politica\/010n1pol Cada a\u00f1o se realizan 19 millones de interrupciones de embarazos en condiciones inseguras: OMS \/ La Jornada https:\/\/www.jornada.com.mx\/2021\/09\/09\/politica\/010n2pol Decisi\u00f3n de la Corte, avance en los derechos de las mujeres, dicen organismos de la ONU \/ La Jornada https:\/\/www.jornada.com.mx\/2021\/09\/09\/politica\/010n3pol Incrementan a 51 a\u00f1os y tres meses la condena a homicida de Miroslava Breach \/ La Jornada https:\/\/www.jornada.com.mx\/2021\/09\/09\/estados\/030n1est Agencias de la ONU saludan la despenalizaci\u00f3n del aborto en M\u00e9xico \/ ONU https:\/\/www.onu.org.mx\/agencias-de-la-onu-saludan-la-despenalizacion-del-aborto-en-mexico\/ No debe tolerarse violencia contra ninguna mujer en M\u00e9xico, incluso siendo migrantes: Imuni \/ Aqu\u00ed Noticias https:\/\/aquinoticias.mx\/no-debe-tolerarse-violencia-contra-ninguna-mujer-en-mexico-incluso-siendo-migrantes-imuni\/ Concentran 50 municipios incidencia en feminicidios \/ Luces del Siglo https:\/\/lucesdelsiglo.com\/2021\/09\/09\/concentran-50-municipios-incidencia-en-feminicidios-local\/ La 3 de 3 contra violencia de g\u00e9nero ser\u00e1 obligatoria en los \u00f3rganos electorales \/ Expansi\u00f3n https:\/\/politica.expansion.mx\/mexico\/2021\/09\/08\/la-3de3-contra-violencia-de-genero-sera-obligatoria-en-los-organos-electorales<\/p>\n","protected":false},"author":5,"featured_media":0,"parent":0,"menu_order":0,"comment_status":"closed","ping_status":"closed","template":"","meta":{"footnotes":""},"class_list":["post-7671","page","type-page","status-publish","hentry"],"_links":{"self":[{"href":"https:\/\/genero.congresocdmx.gob.mx\/index.php\/wp-json\/wp\/v2\/pages\/7671","targetHints":{"allow":["GET"]}}],"collection":[{"href":"https:\/\/genero.congresocdmx.gob.mx\/index.php\/wp-json\/wp\/v2\/pages"}],"about":[{"href":"https:\/\/genero.congresocdmx.gob.mx\/index.php\/wp-json\/wp\/v2\/types\/page"}],"author":[{"embeddable":true,"href":"https:\/\/genero.congresocdmx.gob.mx\/index.php\/wp-json\/wp\/v2\/users\/5"}],"replies":[{"embeddable":true,"href":"https:\/\/genero.congresocdmx.gob.mx\/index.php\/wp-json\/wp\/v2\/comments?post=7671"}],"version-history":[{"count":4,"href":"https:\/\/genero.congresocdmx.gob.mx\/index.php\/wp-json\/wp\/v2\/pages\/7671\/revisions"}],"predecessor-version":[{"id":8028,"href":"https:\/\/genero.congresocdmx.gob.mx\/index.php\/wp-json\/wp\/v2\/pages\/7671\/revisions\/8028"}],"wp:attachment":[{"href":"https:\/\/genero.congresocdmx.gob.mx\/index.php\/wp-json\/wp\/v2\/media?parent=7671"}],"curies":[{"name":"wp","href":"https:\/\/api.w.org\/{rel}","templated":true}]}}